{"id":112373,"date":"2026-07-22T09:20:39","date_gmt":"2026-07-22T07:20:39","guid":{"rendered":"https:\/\/pipat-antiquites.fr\/?post_type=product&#038;p=112373"},"modified":"2026-07-22T09:23:36","modified_gmt":"2026-07-22T07:23:36","slug":"deux-panneaux-encadres-attribues-a-emile-galle-fin-xixe-debut-xxe-siecle","status":"publish","type":"product","link":"https:\/\/pipat-antiquites.fr\/fr\/objets\/deux-panneaux-encadres-attribues-a-emile-galle-fin-xixe-debut-xxe-siecle\/","title":{"rendered":"Deux panneaux encadr\u00e9s, attribu\u00e9s \u00e0 Emile Gall\u00e9, fin XIXe \/ d\u00e9but XXe si\u00e8cle"},"content":{"rendered":"<div class=\"wpb-content-wrapper\"><p>[vc_row][vc_column column_width_percent=\u00a0\u00bb100&Prime; gutter_size=\u00a0\u00bb3&Prime; override_padding=\u00a0\u00bbyes\u00a0\u00bb column_padding=\u00a0\u00bb3&Prime; overlay_alpha=\u00a0\u00bb50&Prime; shift_x=\u00a0\u00bb0&Prime; shift_y=\u00a0\u00bb0&Prime; shift_y_down=\u00a0\u00bb0&Prime; z_index=\u00a0\u00bb0&Prime; medium_width=\u00a0\u00bb0&Prime; mobile_width=\u00a0\u00bb0&Prime; width=\u00a0\u00bb1\/1&Prime; uncode_shortcode_id=\u00a0\u00bb772372&Prime;][vc_custom_heading text_weight=\u00a0\u00bb300&Prime; uncode_shortcode_id=\u00a0\u00bb135955&Prime;]<\/p>\n<p class=\"p1\">Deux panneaux encadr\u00e9s, attribu\u00e9s \u00e0 Emile Gall\u00e9, fin XIXe \/ d\u00e9but XXe si\u00e8cle<\/p>\n<p>[\/vc_custom_heading][vc_column_text uncode_shortcode_id=\u00a0\u00bb145391&Prime;]<\/p>\n<p class=\"p1\">Voici deux panneaux d\u2019entre-deux, sp\u00e9cialement con\u00e7u pour un int\u00e9rieur Art Nouveau de la Belle Epoque. Tout en marqueterie de bois pr\u00e9cieux, les motifs v\u00e9g\u00e9taux se d\u00e9tachent sur un riche fond de bois ond\u00e9, de sorte que les panneaux se r\u00e9pondent en miroir.<br \/>\nCes panneaux de marqueterie Art Nouveau en parfait \u00e9tat sont vendus \u00e0 la pi\u00e8ce.<\/p>\n<p>[\/vc_column_text][\/vc_column][\/vc_row]<\/p>\n<\/div>","protected":false},"excerpt":{"rendered":"<p style=\"text-align: center;\">Panneaux d&rsquo;entre-deux, marqueterie de bois pr\u00e9cieux. Parfait \u00e9tat.<\/p>\n<p class=\"p1\" style=\"text-align: center;\">Dimensions :<\/p>\n<ul>\n<li class=\"p1\" style=\"text-align: center;\">Hauteur : 124.3 cm<\/li>\n<li class=\"p1\" style=\"text-align: center;\">Largeur : 52.5 cm<\/li>\n<li class=\"p1\" style=\"text-align: center;\">Profondeur : 2 cm<\/li>\n<\/ul>\n","protected":false},"featured_media":112372,"template":"","meta":{"_seopress_titles_title":"Deux panneaux encadr\u00e9s, attribu\u00e9s \u00e0 Emile Gall\u00e9, fin XIXe \/ d\u00e9but XXe si\u00e8cle","_seopress_titles_desc":"Panneaux d'entre-deux, marqueterie de bois pr\u00e9cieux. Parfait \u00e9tat.","_seopress_robots_index":"","_seopress_robots_follow":"","_seopress_robots_imageindex":"","_seopress_robots_snippet":"","_seopress_robots_primary_cat":"","_seopress_robots_breadcrumbs":"","_seopress_robots_freeze_modified_date":"","_seopress_robots_custom_modified_date":"","_seopress_robots_canonical":"","_seopress_social_fb_title":"Deux panneaux encadr\u00e9s, attribu\u00e9s \u00e0 Emile Gall\u00e9, fin XIXe \/ d\u00e9but XXe si\u00e8cle","_seopress_social_fb_desc":"Panneaux d'entre-deux, marqueterie de bois pr\u00e9cieux. Parfait \u00e9tat.","_seopress_social_fb_img":"https:\/\/pipat-antiquites.fr\/wp-content\/uploads\/2026\/07\/panneau-art-nouveau-emile-galle.jpg","_seopress_social_fb_img_attachment_id":112372,"_seopress_social_fb_img_width":1536,"_seopress_social_fb_img_height":1920,"_seopress_social_twitter_title":"Deux panneaux encadr\u00e9s, attribu\u00e9s \u00e0 Emile Gall\u00e9, fin XIXe \/ d\u00e9but XXe si\u00e8cle","_seopress_social_twitter_desc":"Panneaux d'entre-deux, marqueterie de bois pr\u00e9cieux. Parfait \u00e9tat.","_seopress_social_twitter_img":"https:\/\/pipat-antiquites.fr\/wp-content\/uploads\/2026\/07\/panneau-art-nouveau-emile-galle.jpg","_seopress_social_twitter_img_attachment_id":112372,"_seopress_social_twitter_img_width":1536,"_seopress_social_twitter_img_height":1920,"_seopress_redirections_value":"","_seopress_redirections_enabled":"","_seopress_redirections_enabled_regex":"","_seopress_redirections_logged_status":"","_seopress_redirections_param":"","_seopress_redirections_type":0,"_seopress_analysis_target_kw":"","_seopress_news_disabled":"","_seopress_video_disabled":"","_seopress_video":[],"_seopress_pro_schemas_manual":[],"_seopress_pro_rich_snippets_disable_all":"","_seopress_pro_rich_snippets_disable":[],"_seopress_pro_schemas":[],"content-type":""},"product_brand":[],"product_cat":[76,120,237],"product_tag":[],"class_list":["post-112373","product","type-product","status-publish","has-post-thumbnail","product_cat-objets","product_cat-materiaux-et-architecture","product_cat-boiseries","first","instock","shipping-taxable","purchasable","product-type-simple","add-to-wishlist-after_add_to_cart"],"_links":{"self":[{"href":"https:\/\/pipat-antiquites.fr\/fr\/wp-json\/wp\/v2\/product\/112373","targetHints":{"allow":["GET"]}}],"collection":[{"href":"https:\/\/pipat-antiquites.fr\/fr\/wp-json\/wp\/v2\/product"}],"about":[{"href":"https:\/\/pipat-antiquites.fr\/fr\/wp-json\/wp\/v2\/types\/product"}],"wp:featuredmedia":[{"embeddable":true,"href":"https:\/\/pipat-antiquites.fr\/fr\/wp-json\/wp\/v2\/media\/112372"}],"wp:attachment":[{"href":"https:\/\/pipat-antiquites.fr\/fr\/wp-json\/wp\/v2\/media?parent=112373"}],"wp:term":[{"taxonomy":"product_brand","embeddable":true,"href":"https:\/\/pipat-antiquites.fr\/fr\/wp-json\/wp\/v2\/product_brand?post=112373"},{"taxonomy":"product_cat","embeddable":true,"href":"https:\/\/pipat-antiquites.fr\/fr\/wp-json\/wp\/v2\/product_cat?post=112373"},{"taxonomy":"product_tag","embeddable":true,"href":"https:\/\/pipat-antiquites.fr\/fr\/wp-json\/wp\/v2\/product_tag?post=112373"}],"curies":[{"name":"wp","href":"https:\/\/api.w.org\/{rel}","templated":true}]}}